{"id":353,"date":"2021-03-04T08:24:09","date_gmt":"2021-03-04T07:24:09","guid":{"rendered":"http:\/\/apartmani-laura.hr\/?page_id=353"},"modified":"2021-03-04T09:53:03","modified_gmt":"2021-03-04T08:53:03","slug":"ueber-uns","status":"publish","type":"page","link":"https:\/\/apartmani-laura.hr\/de\/ueber-uns\/","title":{"rendered":"\u00dcber uns"},"content":{"rendered":"<div id=\"content-container\" class=\"content-gradient sidebar-to-left \">\n<div id=\"content\">\n<div id=\"content-container\" class=\"content-gradient sidebar-to-left \">\n<div id=\"content\">\n<p>Liebe Gaste,<\/p>\n<p>Das Haus \u00abLaura\u00bb befindet sich in der N\u00e4he zu den sch\u00f6nsten Str\u00e4nden und Buchten der Insel Losinj, so wie die Bucht Suncana uvala (Sonnenbucht \u2013 500 m) und die Bucht \u010cikat (300 m) und in der unmittelbarer N\u00e4he des Stadtzentrums (5 min).<\/p>\n<p>Das Haus bietet:<\/p>\n<ul>\n<li>5 Appartements *** f\u00fcr 4 Personen<\/li>\n<li>1 Appartements *** f\u00fcr 4+2 Personen<\/li>\n<li>1 Appartement*** f\u00fcr 3 Personen<\/li>\n<li>1 Appartement** 4+1 Personen<\/li>\n<li>1 Apartment*** f\u00fcr 6.<\/li>\n<\/ul>\n<p><strong>Das\u00a0Appartement f\u00fcr 4 Personen<\/strong>\u00a0verf\u00fcgt \u00fcber ein Doppelzimmer mit Balkon, ein Wohnzimmer mit zwei Betten, ein Badezimmer mit Dusche, die K\u00fcche und eine Terrasse.<\/p>\n<p><strong>Das\u00a0Appartement f\u00fcr 4+2 Personen<\/strong>\u00a0verf\u00fcgt \u00fcber zwei Doppelzimmern mit Balkon, ein Wohnzimmer mit zwei Betten, ein Badezimmer mit Badewahne , die K\u00fcche und eine Terrasse.<\/p>\n<p><strong>Das\u00a0Appartment f\u00fcr 4+1 Personen<\/strong>\u00a0verf\u00fcgt \u00fcber zwei Doppelzimmern mit Balkon, ein Wohnzimmer mit ein Bett, ein Badezimmer mit Dusche, die K\u00fcche und eine Terrasse.<\/p>\n<p><strong>Das\u00a0Appartement f\u00fcr 3 Personen<\/strong>\u00a0verf\u00fcgt \u00fcber ein Doppelzimmer mit Balkon, ein Wohnzimmer mit ein Bett, ein Badezimmer mit Dusche, die K\u00fcche und eine Terrasse.<\/p>\n<p><strong>Das\u00a0Appartement f\u00fcr 6 Personen<\/strong>\u00a0verf\u00fcgt \u00fcber drei Doppelzimmern, ein Badezimmer mit Dusche, eine K\u00fcche und Gr\u00f6\u00dfe Terrasse.<\/p>\n<p>Jedes Apartment (ex das Apartment f\u00fcr 6 Personen) hat\u00a0SAT TV\u00a0und, die\u00a0Klimaanlage\u00a0(heat\/cold), und f\u00fcr jedes Appartement besorgen wir Ihnen privatenParkplatz. Das Fr\u00fchst\u00fcck, die\u00a0Internet\u00a0und die M\u00f6glichkeiten die Wasche zu waschen wird auf Anfrage des Gastes gegeben.<\/p>\n<p>Vielen Dank,<br \/>\nFamilie Mustac<\/p>\n<p>\u2026\u2026\u2026\u2026\u2026\u2026\u2026\u2026\u2026\u2026\u2026\u2026\u2026\u2026\u2026\u2026\u2026\u2026\u2026\u2026\u2026\u2026.<\/p>\n<p>Entfernung von :<\/p>\n<ul>\n<li>Gesch\u00e4ft: 50 m<\/li>\n<li>Restaurant: 50 m<\/li>\n<li>Strande: 500 m (SonenBucht, Cikat)<\/li>\n<li>Stadtzentrum: 400 m<\/li>\n<li>Ankerplatz: 650 m<\/li>\n<li>Diving centrum: 900 m<\/li>\n<\/ul>\n<p>Sonstiges :<\/p>\n<ul>\n<li>Privatparkplatz<\/li>\n<li>Fr\u00fcst\u00fcckm\u00f6glichkeit<\/li>\n<li>Internetzugang f\u00fcr G\u00e4ste<\/li>\n<li>Auf Antrag gibt es M\u00f6glichkeit die W\u00e4sche zu waschen<\/li>\n<li>RENT A BIKE<\/li>\n<\/ul>\n<\/div>\n<div class=\"sidebar\">\n<div id=\"nav_menu-4\" class=\"sidebar-box widget_nav_menu\">\n<div class=\"menu-uber-uns-german-container\"><\/div>\n<\/div>\n<\/div>\n<div class=\"clear\"><\/div>\n<\/div>\n<\/div>\n<\/div>\n","protected":false},"excerpt":{"rendered":"<p>Liebe Gaste, Das Haus \u00abLaura\u00bb befindet sich in der N\u00e4he zu den sch\u00f6nsten Str\u00e4nden und Buchten der Insel Losinj, so wie die Bucht Suncana uvala (Sonnenbucht \u2013 500 m) und &#8230;<\/p>\n","protected":false},"author":1,"featured_media":131,"parent":0,"menu_order":1,"comment_status":"closed","ping_status":"closed","template":"","meta":{"_acf_changed":false,"inline_featured_image":false,"_monsterinsights_skip_tracking":false,"_monsterinsights_sitenote_active":false,"_monsterinsights_sitenote_note":"","_monsterinsights_sitenote_category":0,"footnotes":""},"class_list":["post-353","page","type-page","status-publish","has-post-thumbnail","hentry"],"acf":[],"yoast_head":"<!-- This site is optimized with the Yoast SEO plugin v25.0 - https:\/\/yoast.com\/wordpress\/plugins\/seo\/ -->\n<title>\u00dcber uns - Luksuzni privatni smje\u0161taj<\/title>\n<meta name=\"robots\" content=\"index, follow, max-snippet:-1, max-image-preview:large, max-video-preview:-1\" \/>\n<link rel=\"canonical\" href=\"https:\/\/apartmani-laura.hr\/de\/ueber-uns\/\" \/>\n<meta property=\"og:locale\" content=\"de_DE\" \/>\n<meta property=\"og:type\" content=\"article\" \/>\n<meta property=\"og:title\" content=\"\u00dcber uns - Luksuzni privatni smje\u0161taj\" \/>\n<meta property=\"og:description\" content=\"Liebe Gaste, Das Haus \u00abLaura\u00bb befindet sich in der N\u00e4he zu den sch\u00f6nsten Str\u00e4nden und Buchten der Insel Losinj, so wie die Bucht Suncana uvala (Sonnenbucht \u2013 500 m) und ...\" \/>\n<meta property=\"og:url\" content=\"https:\/\/apartmani-laura.hr\/de\/ueber-uns\/\" \/>\n<meta property=\"og:site_name\" content=\"Luksuzni privatni smje\u0161taj\" \/>\n<meta property=\"article:modified_time\" content=\"2021-03-04T08:53:03+00:00\" \/>\n<meta property=\"og:image\" content=\"https:\/\/apartmani-laura.hr\/wp-content\/uploads\/2021\/02\/4.jpg\" \/>\n\t<meta property=\"og:image:width\" content=\"1980\" \/>\n\t<meta property=\"og:image:height\" content=\"1324\" \/>\n\t<meta property=\"og:image:type\" content=\"image\/jpeg\" \/>\n<meta name=\"twitter:card\" content=\"summary_large_image\" \/>\n<meta name=\"twitter:label1\" content=\"Gesch\u00e4tzte Lesezeit\" \/>\n\t<meta name=\"twitter:data1\" content=\"1\u00a0Minute\" \/>\n<script type=\"application\/ld+json\" class=\"yoast-schema-graph\">{\"@context\":\"https:\/\/schema.org\",\"@graph\":[{\"@type\":\"WebPage\",\"@id\":\"https:\/\/apartmani-laura.hr\/de\/ueber-uns\/\",\"url\":\"https:\/\/apartmani-laura.hr\/de\/ueber-uns\/\",\"name\":\"\u00dcber uns - Luksuzni privatni smje\u0161taj\",\"isPartOf\":{\"@id\":\"https:\/\/apartmani-laura.hr\/#website\"},\"primaryImageOfPage\":{\"@id\":\"https:\/\/apartmani-laura.hr\/de\/ueber-uns\/#primaryimage\"},\"image\":{\"@id\":\"https:\/\/apartmani-laura.hr\/de\/ueber-uns\/#primaryimage\"},\"thumbnailUrl\":\"https:\/\/apartmani-laura.hr\/wp-content\/uploads\/2021\/02\/4.jpg\",\"datePublished\":\"2021-03-04T07:24:09+00:00\",\"dateModified\":\"2021-03-04T08:53:03+00:00\",\"breadcrumb\":{\"@id\":\"https:\/\/apartmani-laura.hr\/de\/ueber-uns\/#breadcrumb\"},\"inLanguage\":\"de\",\"potentialAction\":[{\"@type\":\"ReadAction\",\"target\":[\"https:\/\/apartmani-laura.hr\/de\/ueber-uns\/\"]}]},{\"@type\":\"ImageObject\",\"inLanguage\":\"de\",\"@id\":\"https:\/\/apartmani-laura.hr\/de\/ueber-uns\/#primaryimage\",\"url\":\"https:\/\/apartmani-laura.hr\/wp-content\/uploads\/2021\/02\/4.jpg\",\"contentUrl\":\"https:\/\/apartmani-laura.hr\/wp-content\/uploads\/2021\/02\/4.jpg\",\"width\":1980,\"height\":1324},{\"@type\":\"BreadcrumbList\",\"@id\":\"https:\/\/apartmani-laura.hr\/de\/ueber-uns\/#breadcrumb\",\"itemListElement\":[{\"@type\":\"ListItem\",\"position\":1,\"name\":\"Po\u010detna stranica\",\"item\":\"https:\/\/apartmani-laura.hr\/de\/\"},{\"@type\":\"ListItem\",\"position\":2,\"name\":\"\u00dcber uns\"}]},{\"@type\":\"WebSite\",\"@id\":\"https:\/\/apartmani-laura.hr\/#website\",\"url\":\"https:\/\/apartmani-laura.hr\/\",\"name\":\"Luksuzni privatni smje\u0161taj\",\"description\":\"Privatni smje\u0161taj u Malom Lo\u0161inju\",\"publisher\":{\"@id\":\"https:\/\/apartmani-laura.hr\/#organization\"},\"potentialAction\":[{\"@type\":\"SearchAction\",\"target\":{\"@type\":\"EntryPoint\",\"urlTemplate\":\"https:\/\/apartmani-laura.hr\/?s={search_term_string}\"},\"query-input\":{\"@type\":\"PropertyValueSpecification\",\"valueRequired\":true,\"valueName\":\"search_term_string\"}}],\"inLanguage\":\"de\"},{\"@type\":\"Organization\",\"@id\":\"https:\/\/apartmani-laura.hr\/#organization\",\"name\":\"Luksuzni privatni smje\u0161taj\",\"url\":\"https:\/\/apartmani-laura.hr\/\",\"logo\":{\"@type\":\"ImageObject\",\"inLanguage\":\"de\",\"@id\":\"https:\/\/apartmani-laura.hr\/#\/schema\/logo\/image\/\",\"url\":\"https:\/\/apartmani-laura.hr\/wp-content\/uploads\/2021\/02\/logo2.png\",\"contentUrl\":\"https:\/\/apartmani-laura.hr\/wp-content\/uploads\/2021\/02\/logo2.png\",\"width\":300,\"height\":132,\"caption\":\"Luksuzni privatni smje\u0161taj\"},\"image\":{\"@id\":\"https:\/\/apartmani-laura.hr\/#\/schema\/logo\/image\/\"}}]}<\/script>\n<!-- \/ Yoast SEO plugin. -->","yoast_head_json":{"title":"\u00dcber uns - Luksuzni privatni smje\u0161taj","robots":{"index":"index","follow":"follow","max-snippet":"max-snippet:-1","max-image-preview":"max-image-preview:large","max-video-preview":"max-video-preview:-1"},"canonical":"https:\/\/apartmani-laura.hr\/de\/ueber-uns\/","og_locale":"de_DE","og_type":"article","og_title":"\u00dcber uns - Luksuzni privatni smje\u0161taj","og_description":"Liebe Gaste, Das Haus \u00abLaura\u00bb befindet sich in der N\u00e4he zu den sch\u00f6nsten Str\u00e4nden und Buchten der Insel Losinj, so wie die Bucht Suncana uvala (Sonnenbucht \u2013 500 m) und ...","og_url":"https:\/\/apartmani-laura.hr\/de\/ueber-uns\/","og_site_name":"Luksuzni privatni smje\u0161taj","article_modified_time":"2021-03-04T08:53:03+00:00","og_image":[{"width":1980,"height":1324,"url":"https:\/\/apartmani-laura.hr\/wp-content\/uploads\/2021\/02\/4.jpg","type":"image\/jpeg"}],"twitter_card":"summary_large_image","twitter_misc":{"Gesch\u00e4tzte Lesezeit":"1\u00a0Minute"},"schema":{"@context":"https:\/\/schema.org","@graph":[{"@type":"WebPage","@id":"https:\/\/apartmani-laura.hr\/de\/ueber-uns\/","url":"https:\/\/apartmani-laura.hr\/de\/ueber-uns\/","name":"\u00dcber uns - Luksuzni privatni smje\u0161taj","isPartOf":{"@id":"https:\/\/apartmani-laura.hr\/#website"},"primaryImageOfPage":{"@id":"https:\/\/apartmani-laura.hr\/de\/ueber-uns\/#primaryimage"},"image":{"@id":"https:\/\/apartmani-laura.hr\/de\/ueber-uns\/#primaryimage"},"thumbnailUrl":"https:\/\/apartmani-laura.hr\/wp-content\/uploads\/2021\/02\/4.jpg","datePublished":"2021-03-04T07:24:09+00:00","dateModified":"2021-03-04T08:53:03+00:00","breadcrumb":{"@id":"https:\/\/apartmani-laura.hr\/de\/ueber-uns\/#breadcrumb"},"inLanguage":"de","potentialAction":[{"@type":"ReadAction","target":["https:\/\/apartmani-laura.hr\/de\/ueber-uns\/"]}]},{"@type":"ImageObject","inLanguage":"de","@id":"https:\/\/apartmani-laura.hr\/de\/ueber-uns\/#primaryimage","url":"https:\/\/apartmani-laura.hr\/wp-content\/uploads\/2021\/02\/4.jpg","contentUrl":"https:\/\/apartmani-laura.hr\/wp-content\/uploads\/2021\/02\/4.jpg","width":1980,"height":1324},{"@type":"BreadcrumbList","@id":"https:\/\/apartmani-laura.hr\/de\/ueber-uns\/#breadcrumb","itemListElement":[{"@type":"ListItem","position":1,"name":"Po\u010detna stranica","item":"https:\/\/apartmani-laura.hr\/de\/"},{"@type":"ListItem","position":2,"name":"\u00dcber uns"}]},{"@type":"WebSite","@id":"https:\/\/apartmani-laura.hr\/#website","url":"https:\/\/apartmani-laura.hr\/","name":"Luksuzni privatni smje\u0161taj","description":"Privatni smje\u0161taj u Malom Lo\u0161inju","publisher":{"@id":"https:\/\/apartmani-laura.hr\/#organization"},"potentialAction":[{"@type":"SearchAction","target":{"@type":"EntryPoint","urlTemplate":"https:\/\/apartmani-laura.hr\/?s={search_term_string}"},"query-input":{"@type":"PropertyValueSpecification","valueRequired":true,"valueName":"search_term_string"}}],"inLanguage":"de"},{"@type":"Organization","@id":"https:\/\/apartmani-laura.hr\/#organization","name":"Luksuzni privatni smje\u0161taj","url":"https:\/\/apartmani-laura.hr\/","logo":{"@type":"ImageObject","inLanguage":"de","@id":"https:\/\/apartmani-laura.hr\/#\/schema\/logo\/image\/","url":"https:\/\/apartmani-laura.hr\/wp-content\/uploads\/2021\/02\/logo2.png","contentUrl":"https:\/\/apartmani-laura.hr\/wp-content\/uploads\/2021\/02\/logo2.png","width":300,"height":132,"caption":"Luksuzni privatni smje\u0161taj"},"image":{"@id":"https:\/\/apartmani-laura.hr\/#\/schema\/logo\/image\/"}}]}},"_links":{"self":[{"href":"https:\/\/apartmani-laura.hr\/de\/wp-json\/wp\/v2\/pages\/353","targetHints":{"allow":["GET"]}}],"collection":[{"href":"https:\/\/apartmani-laura.hr\/de\/wp-json\/wp\/v2\/pages"}],"about":[{"href":"https:\/\/apartmani-laura.hr\/de\/wp-json\/wp\/v2\/types\/page"}],"author":[{"embeddable":true,"href":"https:\/\/apartmani-laura.hr\/de\/wp-json\/wp\/v2\/users\/1"}],"replies":[{"embeddable":true,"href":"https:\/\/apartmani-laura.hr\/de\/wp-json\/wp\/v2\/comments?post=353"}],"version-history":[{"count":3,"href":"https:\/\/apartmani-laura.hr\/de\/wp-json\/wp\/v2\/pages\/353\/revisions"}],"predecessor-version":[{"id":490,"href":"https:\/\/apartmani-laura.hr\/de\/wp-json\/wp\/v2\/pages\/353\/revisions\/490"}],"wp:featuredmedia":[{"embeddable":true,"href":"https:\/\/apartmani-laura.hr\/de\/wp-json\/wp\/v2\/media\/131"}],"wp:attachment":[{"href":"https:\/\/apartmani-laura.hr\/de\/wp-json\/wp\/v2\/media?parent=353"}],"curies":[{"name":"wp","href":"https:\/\/api.w.org\/{rel}","templated":true}]}}