{"id":1109,"date":"2021-03-10T11:26:31","date_gmt":"2021-03-10T10:26:31","guid":{"rendered":"http:\/\/apartmani-laura.hr\/?page_id=1109"},"modified":"2021-03-11T17:13:48","modified_gmt":"2021-03-11T16:13:48","slug":"das-klima","status":"publish","type":"page","link":"https:\/\/apartmani-laura.hr\/de\/die-insel-losinj\/das-klima\/","title":{"rendered":"Das Klima"},"content":{"rendered":"<p>Die Hauptcharakteristik des Mittelmeerklimas von Mali Lo\u0161inj sind milde Winter und nicht allzu warme Sommer.\u00a0Die Forschung des Klimas der Insel Lo\u0161inj hatte zu jener Zeit entscheidenden Wert, so da\u00df 1892 Veli Lo\u0161inj und Mali Lo\u0161inj zu Luftkurorten erkl\u00e4rt wurden, was der Insel den Weg in einen neuen Wirtschaftszweig den Tourismus \u00f6ffnete.<\/p>\n<p><img decoding=\"async\" class=\"alignnone wp-image-962 size-large\" src=\"http:\/\/apartmani-laura.hr\/wp-content\/uploads\/2021\/03\/Dad-Kampanja-1-1024x768.jpg\" alt=\"\" width=\"800\" height=\"600\" srcset=\"https:\/\/apartmani-laura.hr\/wp-content\/uploads\/2021\/03\/Dad-Kampanja-1-1024x768.jpg 1024w, https:\/\/apartmani-laura.hr\/wp-content\/uploads\/2021\/03\/Dad-Kampanja-1-300x225.jpg 300w, https:\/\/apartmani-laura.hr\/wp-content\/uploads\/2021\/03\/Dad-Kampanja-1-768x576.jpg 768w, https:\/\/apartmani-laura.hr\/wp-content\/uploads\/2021\/03\/Dad-Kampanja-1.jpg 1360w\" sizes=\"(max-width: 800px) 100vw, 800px\" \/><\/p>\n<p align=\"justify\">Nach den Temperaturcharakteristiken und dem Mikroklima kann man Mali Lo\u0161inj mit Orten an der Cote d\u2019 Azur (Cannes, Nizza) vergleichen und von San Remo, Corfu und Palermo hat es eine 1 bis 2 \u00b0C h\u00f6here\u00a0Durchschnittstemperatur.<\/p>\n<p align=\"justify\">Der erfrischende Meereseinflu\u00df ist im warmen Teil des Jahres genau dann wenn man ihn braucht. Wenn wir davon ausgehen, da\u00df die Meerestemperatur von 20 \u00b0C angenehm zum Baden ist, so kann die Badesaison in Mali Lo\u0161inj 126 Tage betragen, von Anfang Juni bis Ende Oktober.<\/p>\n<p align=\"justify\">Die Zahl der Sonnnentage ist eine der Hauptcharakteristiken des Klimas von Lo\u0161inj. Die durchschnittliche Zahl der j\u00e4hrlichen Sonnenstunden betr\u00e4gt 2532,6 Stunden\u00a0Bora (der st\u00e4rkste Wind), Schirokko und Maestral sind charakteristische Winde f\u00fcr den ganzen K\u00fcstenraum. Die Bora ist Anfang Herbst, im Winter und im Fr\u00fchjahr am h\u00e4ufigsten. Der Nordwind oder \u00abTramontana\u00bb weht am st\u00e4rksten im Januar, w\u00e4hrend der Schirokko im Herbst dominierend ist.<\/p>\n","protected":false},"excerpt":{"rendered":"<p>Die Hauptcharakteristik des Mittelmeerklimas von Mali Lo\u0161inj sind milde Winter und nicht allzu warme Sommer.\u00a0Die Forschung des Klimas der Insel Lo\u0161inj hatte zu jener Zeit entscheidenden Wert, so da\u00df 1892 &#8230;<\/p>\n","protected":false},"author":1,"featured_media":817,"parent":1065,"menu_order":5,"comment_status":"closed","ping_status":"closed","template":"","meta":{"_acf_changed":false,"inline_featured_image":false,"_monsterinsights_skip_tracking":false,"_monsterinsights_sitenote_active":false,"_monsterinsights_sitenote_note":"","_monsterinsights_sitenote_category":0,"footnotes":""},"class_list":["post-1109","page","type-page","status-publish","has-post-thumbnail","hentry"],"acf":[],"yoast_head":"<!-- This site is optimized with the Yoast SEO plugin v25.0 - https:\/\/yoast.com\/wordpress\/plugins\/seo\/ -->\n<title>Das Klima - Luksuzni privatni smje\u0161taj<\/title>\n<meta name=\"robots\" content=\"index, follow, max-snippet:-1, max-image-preview:large, max-video-preview:-1\" \/>\n<link rel=\"canonical\" href=\"https:\/\/apartmani-laura.hr\/de\/die-insel-losinj\/das-klima\/\" \/>\n<meta property=\"og:locale\" content=\"de_DE\" \/>\n<meta property=\"og:type\" content=\"article\" \/>\n<meta property=\"og:title\" content=\"Das Klima - Luksuzni privatni smje\u0161taj\" \/>\n<meta property=\"og:description\" content=\"Die Hauptcharakteristik des Mittelmeerklimas von Mali Lo\u0161inj sind milde Winter und nicht allzu warme Sommer.\u00a0Die Forschung des Klimas der Insel Lo\u0161inj hatte zu jener Zeit entscheidenden Wert, so da\u00df 1892 ...\" \/>\n<meta property=\"og:url\" content=\"https:\/\/apartmani-laura.hr\/de\/die-insel-losinj\/das-klima\/\" \/>\n<meta property=\"og:site_name\" content=\"Luksuzni privatni smje\u0161taj\" \/>\n<meta property=\"article:modified_time\" content=\"2021-03-11T16:13:48+00:00\" \/>\n<meta property=\"og:image\" content=\"https:\/\/apartmani-laura.hr\/wp-content\/uploads\/2021\/03\/Artatore.jpg\" \/>\n\t<meta property=\"og:image:width\" content=\"1360\" \/>\n\t<meta property=\"og:image:height\" content=\"1043\" \/>\n\t<meta property=\"og:image:type\" content=\"image\/jpeg\" \/>\n<meta name=\"twitter:card\" content=\"summary_large_image\" \/>\n<meta name=\"twitter:label1\" content=\"Gesch\u00e4tzte Lesezeit\" \/>\n\t<meta name=\"twitter:data1\" content=\"1\u00a0Minute\" \/>\n<script type=\"application\/ld+json\" class=\"yoast-schema-graph\">{\"@context\":\"https:\/\/schema.org\",\"@graph\":[{\"@type\":\"WebPage\",\"@id\":\"https:\/\/apartmani-laura.hr\/de\/die-insel-losinj\/das-klima\/\",\"url\":\"https:\/\/apartmani-laura.hr\/de\/die-insel-losinj\/das-klima\/\",\"name\":\"Das Klima - Luksuzni privatni smje\u0161taj\",\"isPartOf\":{\"@id\":\"https:\/\/apartmani-laura.hr\/#website\"},\"primaryImageOfPage\":{\"@id\":\"https:\/\/apartmani-laura.hr\/de\/die-insel-losinj\/das-klima\/#primaryimage\"},\"image\":{\"@id\":\"https:\/\/apartmani-laura.hr\/de\/die-insel-losinj\/das-klima\/#primaryimage\"},\"thumbnailUrl\":\"https:\/\/apartmani-laura.hr\/wp-content\/uploads\/2021\/03\/Artatore.jpg\",\"datePublished\":\"2021-03-10T10:26:31+00:00\",\"dateModified\":\"2021-03-11T16:13:48+00:00\",\"breadcrumb\":{\"@id\":\"https:\/\/apartmani-laura.hr\/de\/die-insel-losinj\/das-klima\/#breadcrumb\"},\"inLanguage\":\"de\",\"potentialAction\":[{\"@type\":\"ReadAction\",\"target\":[\"https:\/\/apartmani-laura.hr\/de\/die-insel-losinj\/das-klima\/\"]}]},{\"@type\":\"ImageObject\",\"inLanguage\":\"de\",\"@id\":\"https:\/\/apartmani-laura.hr\/de\/die-insel-losinj\/das-klima\/#primaryimage\",\"url\":\"https:\/\/apartmani-laura.hr\/wp-content\/uploads\/2021\/03\/Artatore.jpg\",\"contentUrl\":\"https:\/\/apartmani-laura.hr\/wp-content\/uploads\/2021\/03\/Artatore.jpg\",\"width\":1360,\"height\":1043},{\"@type\":\"BreadcrumbList\",\"@id\":\"https:\/\/apartmani-laura.hr\/de\/die-insel-losinj\/das-klima\/#breadcrumb\",\"itemListElement\":[{\"@type\":\"ListItem\",\"position\":1,\"name\":\"Po\u010detna stranica\",\"item\":\"https:\/\/apartmani-laura.hr\/de\/\"},{\"@type\":\"ListItem\",\"position\":2,\"name\":\"Die Insel Lo\u0161inj\",\"item\":\"https:\/\/apartmani-laura.hr\/de\/die-insel-losinj\/\"},{\"@type\":\"ListItem\",\"position\":3,\"name\":\"Das Klima\"}]},{\"@type\":\"WebSite\",\"@id\":\"https:\/\/apartmani-laura.hr\/#website\",\"url\":\"https:\/\/apartmani-laura.hr\/\",\"name\":\"Luksuzni privatni smje\u0161taj\",\"description\":\"Privatni smje\u0161taj u Malom Lo\u0161inju\",\"publisher\":{\"@id\":\"https:\/\/apartmani-laura.hr\/#organization\"},\"potentialAction\":[{\"@type\":\"SearchAction\",\"target\":{\"@type\":\"EntryPoint\",\"urlTemplate\":\"https:\/\/apartmani-laura.hr\/?s={search_term_string}\"},\"query-input\":{\"@type\":\"PropertyValueSpecification\",\"valueRequired\":true,\"valueName\":\"search_term_string\"}}],\"inLanguage\":\"de\"},{\"@type\":\"Organization\",\"@id\":\"https:\/\/apartmani-laura.hr\/#organization\",\"name\":\"Luksuzni privatni smje\u0161taj\",\"url\":\"https:\/\/apartmani-laura.hr\/\",\"logo\":{\"@type\":\"ImageObject\",\"inLanguage\":\"de\",\"@id\":\"https:\/\/apartmani-laura.hr\/#\/schema\/logo\/image\/\",\"url\":\"https:\/\/apartmani-laura.hr\/wp-content\/uploads\/2021\/02\/logo2.png\",\"contentUrl\":\"https:\/\/apartmani-laura.hr\/wp-content\/uploads\/2021\/02\/logo2.png\",\"width\":300,\"height\":132,\"caption\":\"Luksuzni privatni smje\u0161taj\"},\"image\":{\"@id\":\"https:\/\/apartmani-laura.hr\/#\/schema\/logo\/image\/\"}}]}<\/script>\n<!-- \/ Yoast SEO plugin. -->","yoast_head_json":{"title":"Das Klima - Luksuzni privatni smje\u0161taj","robots":{"index":"index","follow":"follow","max-snippet":"max-snippet:-1","max-image-preview":"max-image-preview:large","max-video-preview":"max-video-preview:-1"},"canonical":"https:\/\/apartmani-laura.hr\/de\/die-insel-losinj\/das-klima\/","og_locale":"de_DE","og_type":"article","og_title":"Das Klima - Luksuzni privatni smje\u0161taj","og_description":"Die Hauptcharakteristik des Mittelmeerklimas von Mali Lo\u0161inj sind milde Winter und nicht allzu warme Sommer.\u00a0Die Forschung des Klimas der Insel Lo\u0161inj hatte zu jener Zeit entscheidenden Wert, so da\u00df 1892 ...","og_url":"https:\/\/apartmani-laura.hr\/de\/die-insel-losinj\/das-klima\/","og_site_name":"Luksuzni privatni smje\u0161taj","article_modified_time":"2021-03-11T16:13:48+00:00","og_image":[{"width":1360,"height":1043,"url":"https:\/\/apartmani-laura.hr\/wp-content\/uploads\/2021\/03\/Artatore.jpg","type":"image\/jpeg"}],"twitter_card":"summary_large_image","twitter_misc":{"Gesch\u00e4tzte Lesezeit":"1\u00a0Minute"},"schema":{"@context":"https:\/\/schema.org","@graph":[{"@type":"WebPage","@id":"https:\/\/apartmani-laura.hr\/de\/die-insel-losinj\/das-klima\/","url":"https:\/\/apartmani-laura.hr\/de\/die-insel-losinj\/das-klima\/","name":"Das Klima - Luksuzni privatni smje\u0161taj","isPartOf":{"@id":"https:\/\/apartmani-laura.hr\/#website"},"primaryImageOfPage":{"@id":"https:\/\/apartmani-laura.hr\/de\/die-insel-losinj\/das-klima\/#primaryimage"},"image":{"@id":"https:\/\/apartmani-laura.hr\/de\/die-insel-losinj\/das-klima\/#primaryimage"},"thumbnailUrl":"https:\/\/apartmani-laura.hr\/wp-content\/uploads\/2021\/03\/Artatore.jpg","datePublished":"2021-03-10T10:26:31+00:00","dateModified":"2021-03-11T16:13:48+00:00","breadcrumb":{"@id":"https:\/\/apartmani-laura.hr\/de\/die-insel-losinj\/das-klima\/#breadcrumb"},"inLanguage":"de","potentialAction":[{"@type":"ReadAction","target":["https:\/\/apartmani-laura.hr\/de\/die-insel-losinj\/das-klima\/"]}]},{"@type":"ImageObject","inLanguage":"de","@id":"https:\/\/apartmani-laura.hr\/de\/die-insel-losinj\/das-klima\/#primaryimage","url":"https:\/\/apartmani-laura.hr\/wp-content\/uploads\/2021\/03\/Artatore.jpg","contentUrl":"https:\/\/apartmani-laura.hr\/wp-content\/uploads\/2021\/03\/Artatore.jpg","width":1360,"height":1043},{"@type":"BreadcrumbList","@id":"https:\/\/apartmani-laura.hr\/de\/die-insel-losinj\/das-klima\/#breadcrumb","itemListElement":[{"@type":"ListItem","position":1,"name":"Po\u010detna stranica","item":"https:\/\/apartmani-laura.hr\/de\/"},{"@type":"ListItem","position":2,"name":"Die Insel Lo\u0161inj","item":"https:\/\/apartmani-laura.hr\/de\/die-insel-losinj\/"},{"@type":"ListItem","position":3,"name":"Das Klima"}]},{"@type":"WebSite","@id":"https:\/\/apartmani-laura.hr\/#website","url":"https:\/\/apartmani-laura.hr\/","name":"Luksuzni privatni smje\u0161taj","description":"Privatni smje\u0161taj u Malom Lo\u0161inju","publisher":{"@id":"https:\/\/apartmani-laura.hr\/#organization"},"potentialAction":[{"@type":"SearchAction","target":{"@type":"EntryPoint","urlTemplate":"https:\/\/apartmani-laura.hr\/?s={search_term_string}"},"query-input":{"@type":"PropertyValueSpecification","valueRequired":true,"valueName":"search_term_string"}}],"inLanguage":"de"},{"@type":"Organization","@id":"https:\/\/apartmani-laura.hr\/#organization","name":"Luksuzni privatni smje\u0161taj","url":"https:\/\/apartmani-laura.hr\/","logo":{"@type":"ImageObject","inLanguage":"de","@id":"https:\/\/apartmani-laura.hr\/#\/schema\/logo\/image\/","url":"https:\/\/apartmani-laura.hr\/wp-content\/uploads\/2021\/02\/logo2.png","contentUrl":"https:\/\/apartmani-laura.hr\/wp-content\/uploads\/2021\/02\/logo2.png","width":300,"height":132,"caption":"Luksuzni privatni smje\u0161taj"},"image":{"@id":"https:\/\/apartmani-laura.hr\/#\/schema\/logo\/image\/"}}]}},"_links":{"self":[{"href":"https:\/\/apartmani-laura.hr\/de\/wp-json\/wp\/v2\/pages\/1109","targetHints":{"allow":["GET"]}}],"collection":[{"href":"https:\/\/apartmani-laura.hr\/de\/wp-json\/wp\/v2\/pages"}],"about":[{"href":"https:\/\/apartmani-laura.hr\/de\/wp-json\/wp\/v2\/types\/page"}],"author":[{"embeddable":true,"href":"https:\/\/apartmani-laura.hr\/de\/wp-json\/wp\/v2\/users\/1"}],"replies":[{"embeddable":true,"href":"https:\/\/apartmani-laura.hr\/de\/wp-json\/wp\/v2\/comments?post=1109"}],"version-history":[{"count":2,"href":"https:\/\/apartmani-laura.hr\/de\/wp-json\/wp\/v2\/pages\/1109\/revisions"}],"predecessor-version":[{"id":1111,"href":"https:\/\/apartmani-laura.hr\/de\/wp-json\/wp\/v2\/pages\/1109\/revisions\/1111"}],"up":[{"embeddable":true,"href":"https:\/\/apartmani-laura.hr\/de\/wp-json\/wp\/v2\/pages\/1065"}],"wp:featuredmedia":[{"embeddable":true,"href":"https:\/\/apartmani-laura.hr\/de\/wp-json\/wp\/v2\/media\/817"}],"wp:attachment":[{"href":"https:\/\/apartmani-laura.hr\/de\/wp-json\/wp\/v2\/media?parent=1109"}],"curies":[{"name":"wp","href":"https:\/\/api.w.org\/{rel}","templated":true}]}}