{"id":1102,"date":"2021-03-10T11:30:25","date_gmt":"2021-03-10T10:30:25","guid":{"rendered":"http:\/\/apartmani-laura.hr\/?page_id=1102"},"modified":"2021-03-11T17:08:38","modified_gmt":"2021-03-11T16:08:38","slug":"flora-und-fauna","status":"publish","type":"page","link":"https:\/\/apartmani-laura.hr\/de\/die-insel-losinj\/flora-und-fauna\/","title":{"rendered":"Flora und Fauna"},"content":{"rendered":"<p style=\"text-align: left;\" align=\"center\"><strong>FLORA<br \/>\n<\/strong><\/p>\n<p align=\"justify\">Gem\u00e4\u00df den Forschungen wurden 1018 Pflanzenarten identifiziert, von denen zur autochthonen Flora 939 Arten geh\u00f6ren. Davon z\u00e4hlen 230 Arten zu Heilpflanzen. Ca. 80 Arten, haupts\u00e4chlich exotische Pflanzen wurden aus anderen Teilen der Welt , von Kapit\u00e4nen und Seefahren aus Lo\u0161inj, gebracht.<\/p>\n<p align=\"justify\">Wegen des charakteristischen Klimas gedeihen hier Pflanzen, die zur Pflanzenwelt S\u00fcddalmatiens und Siziliens geh\u00f6ren. Hier wachsen Agaven, mexikanische Kakteen (opuntia), Palmen, Magnolien, Myrten, Pistazien, Mimosen, Feigen aus Indien (karmus-nassarah), Zitronen, Orangen und Mandarinen (die aus Vietnam nach Palermo und dann nach Mali Lo\u0161inj gebracht wurden).<\/p>\n<p align=\"justify\">Heute ist der dichte Tannenwald von Lo\u0161inj das Symbol der Insel und von unsch\u00e4tzbarem Wert f\u00fcr ihre touristische Entwicklung.\u00a0Die Umgebung von \u010cikat wurde zum Naturpark erkl\u00e4rt.<\/p>\n<p style=\"text-align: left;\" align=\"center\"><img decoding=\"async\" class=\"alignnone wp-image-974 size-full\" src=\"http:\/\/apartmani-laura.hr\/wp-content\/uploads\/2021\/03\/cikat.jpg\" alt=\"\" width=\"660\" height=\"390\" srcset=\"https:\/\/apartmani-laura.hr\/wp-content\/uploads\/2021\/03\/cikat.jpg 660w, https:\/\/apartmani-laura.hr\/wp-content\/uploads\/2021\/03\/cikat-300x177.jpg 300w\" sizes=\"(max-width: 660px) 100vw, 660px\" \/><\/p>\n<p style=\"text-align: left;\" align=\"center\"><strong>FAUNA<\/strong><\/p>\n<p align=\"justify\">Auf der Insel lebt viel Kleinwild: Hasen, Wildkaninchen, Wei\u00dfmarder, wobei gr\u00f6\u00dfere Tiere: Damhirsche und Mufflone auf dem s\u00fcdlichen Teil der Insel Cres ans\u00e4ssig sind.<\/p>\n<p align=\"justify\">Vom Federwild gibt es viele Rebh\u00fchner, Steinh\u00fchner, Schnepfe und Fasane und an Raubv\u00f6geln leben hier : Habichte, St\u00f6sser, Falken, sowie der G\u00e4nsegeier, der wegen der kleinen Zahl der erhaltenen Exemplare durch Gesetz gesch\u00fctzt ist.<\/p>\n<p align=\"justify\">Von den Haustieren sind die Schafe am weitesten verbreitet, die haupts\u00e4chlich auf dem Steinboden des n\u00f6rdlichen Teils der Insel gez\u00fcchtet werden.<\/p>\n<p>Das Aquatorium von Lo\u0161inj ist an die Delphinen reich; es wurde, n\u00e4hmlich 150 angemerkt und jeden der Name gegeben.<\/p>\n<p>Aus eine Menge Tiere, die es auf der Insel gibt, sollen wir die Schmetterlinge erw\u00e4hnen, es gibt sogar 68 Sorten Schmetterlinge; dazu noch die M\u00f6wen, Schldkr\u00f6ten (See \u2013 und Landschildkr\u00f6ten), die gesetzlich gesch\u00fctzt sind.<\/p>\n<p align=\"justify\"><img decoding=\"async\" class=\"alignnone wp-image-978 size-full\" src=\"http:\/\/apartmani-laura.hr\/wp-content\/uploads\/2021\/03\/dolphin_2225.jpg\" alt=\"\" width=\"660\" height=\"374\" srcset=\"https:\/\/apartmani-laura.hr\/wp-content\/uploads\/2021\/03\/dolphin_2225.jpg 660w, https:\/\/apartmani-laura.hr\/wp-content\/uploads\/2021\/03\/dolphin_2225-300x170.jpg 300w\" sizes=\"(max-width: 660px) 100vw, 660px\" \/><\/p>\n","protected":false},"excerpt":{"rendered":"<p>FLORA Gem\u00e4\u00df den Forschungen wurden 1018 Pflanzenarten identifiziert, von denen zur autochthonen Flora 939 Arten geh\u00f6ren. Davon z\u00e4hlen 230 Arten zu Heilpflanzen. Ca. 80 Arten, haupts\u00e4chlich exotische Pflanzen wurden aus &#8230;<\/p>\n","protected":false},"author":1,"featured_media":813,"parent":1065,"menu_order":5,"comment_status":"closed","ping_status":"closed","template":"","meta":{"_acf_changed":false,"inline_featured_image":false,"_monsterinsights_skip_tracking":false,"_monsterinsights_sitenote_active":false,"_monsterinsights_sitenote_note":"","_monsterinsights_sitenote_category":0,"footnotes":""},"class_list":["post-1102","page","type-page","status-publish","has-post-thumbnail","hentry"],"acf":[],"yoast_head":"<!-- This site is optimized with the Yoast SEO plugin v25.0 - https:\/\/yoast.com\/wordpress\/plugins\/seo\/ -->\n<title>Flora und Fauna - Luksuzni privatni smje\u0161taj<\/title>\n<meta name=\"robots\" content=\"index, follow, max-snippet:-1, max-image-preview:large, max-video-preview:-1\" \/>\n<link rel=\"canonical\" href=\"https:\/\/apartmani-laura.hr\/de\/die-insel-losinj\/flora-und-fauna\/\" \/>\n<meta property=\"og:locale\" content=\"de_DE\" \/>\n<meta property=\"og:type\" content=\"article\" \/>\n<meta property=\"og:title\" content=\"Flora und Fauna - Luksuzni privatni smje\u0161taj\" \/>\n<meta property=\"og:description\" content=\"FLORA Gem\u00e4\u00df den Forschungen wurden 1018 Pflanzenarten identifiziert, von denen zur autochthonen Flora 939 Arten geh\u00f6ren. Davon z\u00e4hlen 230 Arten zu Heilpflanzen. Ca. 80 Arten, haupts\u00e4chlich exotische Pflanzen wurden aus ...\" \/>\n<meta property=\"og:url\" content=\"https:\/\/apartmani-laura.hr\/de\/die-insel-losinj\/flora-und-fauna\/\" \/>\n<meta property=\"og:site_name\" content=\"Luksuzni privatni smje\u0161taj\" \/>\n<meta property=\"article:modified_time\" content=\"2021-03-11T16:08:38+00:00\" \/>\n<meta property=\"og:image\" content=\"https:\/\/apartmani-laura.hr\/wp-content\/uploads\/2021\/03\/Dad-Kampanja.jpg\" \/>\n\t<meta property=\"og:image:width\" content=\"1360\" \/>\n\t<meta property=\"og:image:height\" content=\"1020\" \/>\n\t<meta property=\"og:image:type\" content=\"image\/jpeg\" \/>\n<meta name=\"twitter:card\" content=\"summary_large_image\" \/>\n<meta name=\"twitter:label1\" content=\"Gesch\u00e4tzte Lesezeit\" \/>\n\t<meta name=\"twitter:data1\" content=\"1\u00a0Minute\" \/>\n<script type=\"application\/ld+json\" class=\"yoast-schema-graph\">{\"@context\":\"https:\/\/schema.org\",\"@graph\":[{\"@type\":\"WebPage\",\"@id\":\"https:\/\/apartmani-laura.hr\/de\/die-insel-losinj\/flora-und-fauna\/\",\"url\":\"https:\/\/apartmani-laura.hr\/de\/die-insel-losinj\/flora-und-fauna\/\",\"name\":\"Flora und Fauna - Luksuzni privatni smje\u0161taj\",\"isPartOf\":{\"@id\":\"https:\/\/apartmani-laura.hr\/#website\"},\"primaryImageOfPage\":{\"@id\":\"https:\/\/apartmani-laura.hr\/de\/die-insel-losinj\/flora-und-fauna\/#primaryimage\"},\"image\":{\"@id\":\"https:\/\/apartmani-laura.hr\/de\/die-insel-losinj\/flora-und-fauna\/#primaryimage\"},\"thumbnailUrl\":\"https:\/\/apartmani-laura.hr\/wp-content\/uploads\/2021\/03\/Dad-Kampanja.jpg\",\"datePublished\":\"2021-03-10T10:30:25+00:00\",\"dateModified\":\"2021-03-11T16:08:38+00:00\",\"breadcrumb\":{\"@id\":\"https:\/\/apartmani-laura.hr\/de\/die-insel-losinj\/flora-und-fauna\/#breadcrumb\"},\"inLanguage\":\"de\",\"potentialAction\":[{\"@type\":\"ReadAction\",\"target\":[\"https:\/\/apartmani-laura.hr\/de\/die-insel-losinj\/flora-und-fauna\/\"]}]},{\"@type\":\"ImageObject\",\"inLanguage\":\"de\",\"@id\":\"https:\/\/apartmani-laura.hr\/de\/die-insel-losinj\/flora-und-fauna\/#primaryimage\",\"url\":\"https:\/\/apartmani-laura.hr\/wp-content\/uploads\/2021\/03\/Dad-Kampanja.jpg\",\"contentUrl\":\"https:\/\/apartmani-laura.hr\/wp-content\/uploads\/2021\/03\/Dad-Kampanja.jpg\",\"width\":1360,\"height\":1020,\"caption\":\"DCIM104GOPROG0707612.\"},{\"@type\":\"BreadcrumbList\",\"@id\":\"https:\/\/apartmani-laura.hr\/de\/die-insel-losinj\/flora-und-fauna\/#breadcrumb\",\"itemListElement\":[{\"@type\":\"ListItem\",\"position\":1,\"name\":\"Po\u010detna stranica\",\"item\":\"https:\/\/apartmani-laura.hr\/de\/\"},{\"@type\":\"ListItem\",\"position\":2,\"name\":\"Die Insel Lo\u0161inj\",\"item\":\"https:\/\/apartmani-laura.hr\/de\/die-insel-losinj\/\"},{\"@type\":\"ListItem\",\"position\":3,\"name\":\"Flora und Fauna\"}]},{\"@type\":\"WebSite\",\"@id\":\"https:\/\/apartmani-laura.hr\/#website\",\"url\":\"https:\/\/apartmani-laura.hr\/\",\"name\":\"Luksuzni privatni smje\u0161taj\",\"description\":\"Privatni smje\u0161taj u Malom Lo\u0161inju\",\"publisher\":{\"@id\":\"https:\/\/apartmani-laura.hr\/#organization\"},\"potentialAction\":[{\"@type\":\"SearchAction\",\"target\":{\"@type\":\"EntryPoint\",\"urlTemplate\":\"https:\/\/apartmani-laura.hr\/?s={search_term_string}\"},\"query-input\":{\"@type\":\"PropertyValueSpecification\",\"valueRequired\":true,\"valueName\":\"search_term_string\"}}],\"inLanguage\":\"de\"},{\"@type\":\"Organization\",\"@id\":\"https:\/\/apartmani-laura.hr\/#organization\",\"name\":\"Luksuzni privatni smje\u0161taj\",\"url\":\"https:\/\/apartmani-laura.hr\/\",\"logo\":{\"@type\":\"ImageObject\",\"inLanguage\":\"de\",\"@id\":\"https:\/\/apartmani-laura.hr\/#\/schema\/logo\/image\/\",\"url\":\"https:\/\/apartmani-laura.hr\/wp-content\/uploads\/2021\/02\/logo2.png\",\"contentUrl\":\"https:\/\/apartmani-laura.hr\/wp-content\/uploads\/2021\/02\/logo2.png\",\"width\":300,\"height\":132,\"caption\":\"Luksuzni privatni smje\u0161taj\"},\"image\":{\"@id\":\"https:\/\/apartmani-laura.hr\/#\/schema\/logo\/image\/\"}}]}<\/script>\n<!-- \/ Yoast SEO plugin. -->","yoast_head_json":{"title":"Flora und Fauna - Luksuzni privatni smje\u0161taj","robots":{"index":"index","follow":"follow","max-snippet":"max-snippet:-1","max-image-preview":"max-image-preview:large","max-video-preview":"max-video-preview:-1"},"canonical":"https:\/\/apartmani-laura.hr\/de\/die-insel-losinj\/flora-und-fauna\/","og_locale":"de_DE","og_type":"article","og_title":"Flora und Fauna - Luksuzni privatni smje\u0161taj","og_description":"FLORA Gem\u00e4\u00df den Forschungen wurden 1018 Pflanzenarten identifiziert, von denen zur autochthonen Flora 939 Arten geh\u00f6ren. Davon z\u00e4hlen 230 Arten zu Heilpflanzen. Ca. 80 Arten, haupts\u00e4chlich exotische Pflanzen wurden aus ...","og_url":"https:\/\/apartmani-laura.hr\/de\/die-insel-losinj\/flora-und-fauna\/","og_site_name":"Luksuzni privatni smje\u0161taj","article_modified_time":"2021-03-11T16:08:38+00:00","og_image":[{"width":1360,"height":1020,"url":"https:\/\/apartmani-laura.hr\/wp-content\/uploads\/2021\/03\/Dad-Kampanja.jpg","type":"image\/jpeg"}],"twitter_card":"summary_large_image","twitter_misc":{"Gesch\u00e4tzte Lesezeit":"1\u00a0Minute"},"schema":{"@context":"https:\/\/schema.org","@graph":[{"@type":"WebPage","@id":"https:\/\/apartmani-laura.hr\/de\/die-insel-losinj\/flora-und-fauna\/","url":"https:\/\/apartmani-laura.hr\/de\/die-insel-losinj\/flora-und-fauna\/","name":"Flora und Fauna - Luksuzni privatni smje\u0161taj","isPartOf":{"@id":"https:\/\/apartmani-laura.hr\/#website"},"primaryImageOfPage":{"@id":"https:\/\/apartmani-laura.hr\/de\/die-insel-losinj\/flora-und-fauna\/#primaryimage"},"image":{"@id":"https:\/\/apartmani-laura.hr\/de\/die-insel-losinj\/flora-und-fauna\/#primaryimage"},"thumbnailUrl":"https:\/\/apartmani-laura.hr\/wp-content\/uploads\/2021\/03\/Dad-Kampanja.jpg","datePublished":"2021-03-10T10:30:25+00:00","dateModified":"2021-03-11T16:08:38+00:00","breadcrumb":{"@id":"https:\/\/apartmani-laura.hr\/de\/die-insel-losinj\/flora-und-fauna\/#breadcrumb"},"inLanguage":"de","potentialAction":[{"@type":"ReadAction","target":["https:\/\/apartmani-laura.hr\/de\/die-insel-losinj\/flora-und-fauna\/"]}]},{"@type":"ImageObject","inLanguage":"de","@id":"https:\/\/apartmani-laura.hr\/de\/die-insel-losinj\/flora-und-fauna\/#primaryimage","url":"https:\/\/apartmani-laura.hr\/wp-content\/uploads\/2021\/03\/Dad-Kampanja.jpg","contentUrl":"https:\/\/apartmani-laura.hr\/wp-content\/uploads\/2021\/03\/Dad-Kampanja.jpg","width":1360,"height":1020,"caption":"DCIM104GOPROG0707612."},{"@type":"BreadcrumbList","@id":"https:\/\/apartmani-laura.hr\/de\/die-insel-losinj\/flora-und-fauna\/#breadcrumb","itemListElement":[{"@type":"ListItem","position":1,"name":"Po\u010detna stranica","item":"https:\/\/apartmani-laura.hr\/de\/"},{"@type":"ListItem","position":2,"name":"Die Insel Lo\u0161inj","item":"https:\/\/apartmani-laura.hr\/de\/die-insel-losinj\/"},{"@type":"ListItem","position":3,"name":"Flora und Fauna"}]},{"@type":"WebSite","@id":"https:\/\/apartmani-laura.hr\/#website","url":"https:\/\/apartmani-laura.hr\/","name":"Luksuzni privatni smje\u0161taj","description":"Privatni smje\u0161taj u Malom Lo\u0161inju","publisher":{"@id":"https:\/\/apartmani-laura.hr\/#organization"},"potentialAction":[{"@type":"SearchAction","target":{"@type":"EntryPoint","urlTemplate":"https:\/\/apartmani-laura.hr\/?s={search_term_string}"},"query-input":{"@type":"PropertyValueSpecification","valueRequired":true,"valueName":"search_term_string"}}],"inLanguage":"de"},{"@type":"Organization","@id":"https:\/\/apartmani-laura.hr\/#organization","name":"Luksuzni privatni smje\u0161taj","url":"https:\/\/apartmani-laura.hr\/","logo":{"@type":"ImageObject","inLanguage":"de","@id":"https:\/\/apartmani-laura.hr\/#\/schema\/logo\/image\/","url":"https:\/\/apartmani-laura.hr\/wp-content\/uploads\/2021\/02\/logo2.png","contentUrl":"https:\/\/apartmani-laura.hr\/wp-content\/uploads\/2021\/02\/logo2.png","width":300,"height":132,"caption":"Luksuzni privatni smje\u0161taj"},"image":{"@id":"https:\/\/apartmani-laura.hr\/#\/schema\/logo\/image\/"}}]}},"_links":{"self":[{"href":"https:\/\/apartmani-laura.hr\/de\/wp-json\/wp\/v2\/pages\/1102","targetHints":{"allow":["GET"]}}],"collection":[{"href":"https:\/\/apartmani-laura.hr\/de\/wp-json\/wp\/v2\/pages"}],"about":[{"href":"https:\/\/apartmani-laura.hr\/de\/wp-json\/wp\/v2\/types\/page"}],"author":[{"embeddable":true,"href":"https:\/\/apartmani-laura.hr\/de\/wp-json\/wp\/v2\/users\/1"}],"replies":[{"embeddable":true,"href":"https:\/\/apartmani-laura.hr\/de\/wp-json\/wp\/v2\/comments?post=1102"}],"version-history":[{"count":1,"href":"https:\/\/apartmani-laura.hr\/de\/wp-json\/wp\/v2\/pages\/1102\/revisions"}],"predecessor-version":[{"id":1103,"href":"https:\/\/apartmani-laura.hr\/de\/wp-json\/wp\/v2\/pages\/1102\/revisions\/1103"}],"up":[{"embeddable":true,"href":"https:\/\/apartmani-laura.hr\/de\/wp-json\/wp\/v2\/pages\/1065"}],"wp:featuredmedia":[{"embeddable":true,"href":"https:\/\/apartmani-laura.hr\/de\/wp-json\/wp\/v2\/media\/813"}],"wp:attachment":[{"href":"https:\/\/apartmani-laura.hr\/de\/wp-json\/wp\/v2\/media?parent=1102"}],"curies":[{"name":"wp","href":"https:\/\/api.w.org\/{rel}","templated":true}]}}