{"id":1072,"date":"2021-03-10T10:30:24","date_gmt":"2021-03-10T09:30:24","guid":{"rendered":"http:\/\/apartmani-laura.hr\/?page_id=1072"},"modified":"2021-03-11T16:28:01","modified_gmt":"2021-03-11T15:28:01","slug":"die-legende-von-losinj","status":"publish","type":"page","link":"https:\/\/apartmani-laura.hr\/de\/die-insel-losinj\/die-legende-von-losinj\/","title":{"rendered":"Die Legende von Lo\u0161inj"},"content":{"rendered":"<p align=\"justify\">Ein K\u00f6nig besass ein goldenes Vliess. Der tapfere J\u00fcngling Jason und seine Argonauten stahlen dem K\u00f6nig das goldene Vliess mit Hilfe des K\u00f6nigs Tochter Medea und fl\u00fcchteten auf ihrem Schiff Argo.<\/p>\n<p align=\"justify\"><strong>APSYRTIDES<\/strong>, des K\u00f6nigs Sohn, verfolgte die R\u00e4uber. Die verliebte Medea lockte ihn in eine Falle, und Jason t\u00f6tete ihn. Medea zerschnitt den toten Leib von Apsyrtes und warf die Glieder ins Meer. Aus den Teilen des Leibes entstanden Inseln, die\u00a0<strong>APSYRTIDES<\/strong>\u00a0genannt wurden.<\/p>\n","protected":false},"excerpt":{"rendered":"<p>Ein K\u00f6nig besass ein goldenes Vliess. Der tapfere J\u00fcngling Jason und seine Argonauten stahlen dem K\u00f6nig das goldene Vliess mit Hilfe des K\u00f6nigs Tochter Medea und fl\u00fcchteten auf ihrem Schiff &#8230;<\/p>\n","protected":false},"author":1,"featured_media":947,"parent":1065,"menu_order":0,"comment_status":"closed","ping_status":"closed","template":"","meta":{"_acf_changed":false,"inline_featured_image":false,"_monsterinsights_skip_tracking":false,"_monsterinsights_sitenote_active":false,"_monsterinsights_sitenote_note":"","_monsterinsights_sitenote_category":0,"footnotes":""},"class_list":["post-1072","page","type-page","status-publish","has-post-thumbnail","hentry"],"acf":[],"yoast_head":"<!-- This site is optimized with the Yoast SEO plugin v25.0 - https:\/\/yoast.com\/wordpress\/plugins\/seo\/ -->\n<title>Die Legende von Lo\u0161inj - Luksuzni privatni smje\u0161taj<\/title>\n<meta name=\"robots\" content=\"index, follow, max-snippet:-1, max-image-preview:large, max-video-preview:-1\" \/>\n<link rel=\"canonical\" href=\"https:\/\/apartmani-laura.hr\/de\/die-insel-losinj\/die-legende-von-losinj\/\" \/>\n<meta property=\"og:locale\" content=\"de_DE\" \/>\n<meta property=\"og:type\" content=\"article\" \/>\n<meta property=\"og:title\" content=\"Die Legende von Lo\u0161inj - Luksuzni privatni smje\u0161taj\" \/>\n<meta property=\"og:description\" content=\"Ein K\u00f6nig besass ein goldenes Vliess. Der tapfere J\u00fcngling Jason und seine Argonauten stahlen dem K\u00f6nig das goldene Vliess mit Hilfe des K\u00f6nigs Tochter Medea und fl\u00fcchteten auf ihrem Schiff ...\" \/>\n<meta property=\"og:url\" content=\"https:\/\/apartmani-laura.hr\/de\/die-insel-losinj\/die-legende-von-losinj\/\" \/>\n<meta property=\"og:site_name\" content=\"Luksuzni privatni smje\u0161taj\" \/>\n<meta property=\"article:modified_time\" content=\"2021-03-11T15:28:01+00:00\" \/>\n<meta property=\"og:image\" content=\"https:\/\/apartmani-laura.hr\/wp-content\/uploads\/2021\/03\/IMG_8332.jpg\" \/>\n\t<meta property=\"og:image:width\" content=\"1360\" \/>\n\t<meta property=\"og:image:height\" content=\"907\" \/>\n\t<meta property=\"og:image:type\" content=\"image\/jpeg\" \/>\n<meta name=\"twitter:card\" content=\"summary_large_image\" \/>\n<script type=\"application\/ld+json\" class=\"yoast-schema-graph\">{\"@context\":\"https:\/\/schema.org\",\"@graph\":[{\"@type\":\"WebPage\",\"@id\":\"https:\/\/apartmani-laura.hr\/de\/die-insel-losinj\/die-legende-von-losinj\/\",\"url\":\"https:\/\/apartmani-laura.hr\/de\/die-insel-losinj\/die-legende-von-losinj\/\",\"name\":\"Die Legende von Lo\u0161inj - Luksuzni privatni smje\u0161taj\",\"isPartOf\":{\"@id\":\"https:\/\/apartmani-laura.hr\/#website\"},\"primaryImageOfPage\":{\"@id\":\"https:\/\/apartmani-laura.hr\/de\/die-insel-losinj\/die-legende-von-losinj\/#primaryimage\"},\"image\":{\"@id\":\"https:\/\/apartmani-laura.hr\/de\/die-insel-losinj\/die-legende-von-losinj\/#primaryimage\"},\"thumbnailUrl\":\"https:\/\/apartmani-laura.hr\/wp-content\/uploads\/2021\/03\/IMG_8332.jpg\",\"datePublished\":\"2021-03-10T09:30:24+00:00\",\"dateModified\":\"2021-03-11T15:28:01+00:00\",\"breadcrumb\":{\"@id\":\"https:\/\/apartmani-laura.hr\/de\/die-insel-losinj\/die-legende-von-losinj\/#breadcrumb\"},\"inLanguage\":\"de\",\"potentialAction\":[{\"@type\":\"ReadAction\",\"target\":[\"https:\/\/apartmani-laura.hr\/de\/die-insel-losinj\/die-legende-von-losinj\/\"]}]},{\"@type\":\"ImageObject\",\"inLanguage\":\"de\",\"@id\":\"https:\/\/apartmani-laura.hr\/de\/die-insel-losinj\/die-legende-von-losinj\/#primaryimage\",\"url\":\"https:\/\/apartmani-laura.hr\/wp-content\/uploads\/2021\/03\/IMG_8332.jpg\",\"contentUrl\":\"https:\/\/apartmani-laura.hr\/wp-content\/uploads\/2021\/03\/IMG_8332.jpg\",\"width\":1360,\"height\":907},{\"@type\":\"BreadcrumbList\",\"@id\":\"https:\/\/apartmani-laura.hr\/de\/die-insel-losinj\/die-legende-von-losinj\/#breadcrumb\",\"itemListElement\":[{\"@type\":\"ListItem\",\"position\":1,\"name\":\"Po\u010detna stranica\",\"item\":\"https:\/\/apartmani-laura.hr\/de\/\"},{\"@type\":\"ListItem\",\"position\":2,\"name\":\"Die Insel Lo\u0161inj\",\"item\":\"https:\/\/apartmani-laura.hr\/de\/die-insel-losinj\/\"},{\"@type\":\"ListItem\",\"position\":3,\"name\":\"Die Legende von Lo\u0161inj\"}]},{\"@type\":\"WebSite\",\"@id\":\"https:\/\/apartmani-laura.hr\/#website\",\"url\":\"https:\/\/apartmani-laura.hr\/\",\"name\":\"Luksuzni privatni smje\u0161taj\",\"description\":\"Privatni smje\u0161taj u Malom Lo\u0161inju\",\"publisher\":{\"@id\":\"https:\/\/apartmani-laura.hr\/#organization\"},\"potentialAction\":[{\"@type\":\"SearchAction\",\"target\":{\"@type\":\"EntryPoint\",\"urlTemplate\":\"https:\/\/apartmani-laura.hr\/?s={search_term_string}\"},\"query-input\":{\"@type\":\"PropertyValueSpecification\",\"valueRequired\":true,\"valueName\":\"search_term_string\"}}],\"inLanguage\":\"de\"},{\"@type\":\"Organization\",\"@id\":\"https:\/\/apartmani-laura.hr\/#organization\",\"name\":\"Luksuzni privatni smje\u0161taj\",\"url\":\"https:\/\/apartmani-laura.hr\/\",\"logo\":{\"@type\":\"ImageObject\",\"inLanguage\":\"de\",\"@id\":\"https:\/\/apartmani-laura.hr\/#\/schema\/logo\/image\/\",\"url\":\"https:\/\/apartmani-laura.hr\/wp-content\/uploads\/2021\/02\/logo2.png\",\"contentUrl\":\"https:\/\/apartmani-laura.hr\/wp-content\/uploads\/2021\/02\/logo2.png\",\"width\":300,\"height\":132,\"caption\":\"Luksuzni privatni smje\u0161taj\"},\"image\":{\"@id\":\"https:\/\/apartmani-laura.hr\/#\/schema\/logo\/image\/\"}}]}<\/script>\n<!-- \/ Yoast SEO plugin. -->","yoast_head_json":{"title":"Die Legende von Lo\u0161inj - Luksuzni privatni smje\u0161taj","robots":{"index":"index","follow":"follow","max-snippet":"max-snippet:-1","max-image-preview":"max-image-preview:large","max-video-preview":"max-video-preview:-1"},"canonical":"https:\/\/apartmani-laura.hr\/de\/die-insel-losinj\/die-legende-von-losinj\/","og_locale":"de_DE","og_type":"article","og_title":"Die Legende von Lo\u0161inj - Luksuzni privatni smje\u0161taj","og_description":"Ein K\u00f6nig besass ein goldenes Vliess. Der tapfere J\u00fcngling Jason und seine Argonauten stahlen dem K\u00f6nig das goldene Vliess mit Hilfe des K\u00f6nigs Tochter Medea und fl\u00fcchteten auf ihrem Schiff ...","og_url":"https:\/\/apartmani-laura.hr\/de\/die-insel-losinj\/die-legende-von-losinj\/","og_site_name":"Luksuzni privatni smje\u0161taj","article_modified_time":"2021-03-11T15:28:01+00:00","og_image":[{"width":1360,"height":907,"url":"https:\/\/apartmani-laura.hr\/wp-content\/uploads\/2021\/03\/IMG_8332.jpg","type":"image\/jpeg"}],"twitter_card":"summary_large_image","schema":{"@context":"https:\/\/schema.org","@graph":[{"@type":"WebPage","@id":"https:\/\/apartmani-laura.hr\/de\/die-insel-losinj\/die-legende-von-losinj\/","url":"https:\/\/apartmani-laura.hr\/de\/die-insel-losinj\/die-legende-von-losinj\/","name":"Die Legende von Lo\u0161inj - Luksuzni privatni smje\u0161taj","isPartOf":{"@id":"https:\/\/apartmani-laura.hr\/#website"},"primaryImageOfPage":{"@id":"https:\/\/apartmani-laura.hr\/de\/die-insel-losinj\/die-legende-von-losinj\/#primaryimage"},"image":{"@id":"https:\/\/apartmani-laura.hr\/de\/die-insel-losinj\/die-legende-von-losinj\/#primaryimage"},"thumbnailUrl":"https:\/\/apartmani-laura.hr\/wp-content\/uploads\/2021\/03\/IMG_8332.jpg","datePublished":"2021-03-10T09:30:24+00:00","dateModified":"2021-03-11T15:28:01+00:00","breadcrumb":{"@id":"https:\/\/apartmani-laura.hr\/de\/die-insel-losinj\/die-legende-von-losinj\/#breadcrumb"},"inLanguage":"de","potentialAction":[{"@type":"ReadAction","target":["https:\/\/apartmani-laura.hr\/de\/die-insel-losinj\/die-legende-von-losinj\/"]}]},{"@type":"ImageObject","inLanguage":"de","@id":"https:\/\/apartmani-laura.hr\/de\/die-insel-losinj\/die-legende-von-losinj\/#primaryimage","url":"https:\/\/apartmani-laura.hr\/wp-content\/uploads\/2021\/03\/IMG_8332.jpg","contentUrl":"https:\/\/apartmani-laura.hr\/wp-content\/uploads\/2021\/03\/IMG_8332.jpg","width":1360,"height":907},{"@type":"BreadcrumbList","@id":"https:\/\/apartmani-laura.hr\/de\/die-insel-losinj\/die-legende-von-losinj\/#breadcrumb","itemListElement":[{"@type":"ListItem","position":1,"name":"Po\u010detna stranica","item":"https:\/\/apartmani-laura.hr\/de\/"},{"@type":"ListItem","position":2,"name":"Die Insel Lo\u0161inj","item":"https:\/\/apartmani-laura.hr\/de\/die-insel-losinj\/"},{"@type":"ListItem","position":3,"name":"Die Legende von Lo\u0161inj"}]},{"@type":"WebSite","@id":"https:\/\/apartmani-laura.hr\/#website","url":"https:\/\/apartmani-laura.hr\/","name":"Luksuzni privatni smje\u0161taj","description":"Privatni smje\u0161taj u Malom Lo\u0161inju","publisher":{"@id":"https:\/\/apartmani-laura.hr\/#organization"},"potentialAction":[{"@type":"SearchAction","target":{"@type":"EntryPoint","urlTemplate":"https:\/\/apartmani-laura.hr\/?s={search_term_string}"},"query-input":{"@type":"PropertyValueSpecification","valueRequired":true,"valueName":"search_term_string"}}],"inLanguage":"de"},{"@type":"Organization","@id":"https:\/\/apartmani-laura.hr\/#organization","name":"Luksuzni privatni smje\u0161taj","url":"https:\/\/apartmani-laura.hr\/","logo":{"@type":"ImageObject","inLanguage":"de","@id":"https:\/\/apartmani-laura.hr\/#\/schema\/logo\/image\/","url":"https:\/\/apartmani-laura.hr\/wp-content\/uploads\/2021\/02\/logo2.png","contentUrl":"https:\/\/apartmani-laura.hr\/wp-content\/uploads\/2021\/02\/logo2.png","width":300,"height":132,"caption":"Luksuzni privatni smje\u0161taj"},"image":{"@id":"https:\/\/apartmani-laura.hr\/#\/schema\/logo\/image\/"}}]}},"_links":{"self":[{"href":"https:\/\/apartmani-laura.hr\/de\/wp-json\/wp\/v2\/pages\/1072","targetHints":{"allow":["GET"]}}],"collection":[{"href":"https:\/\/apartmani-laura.hr\/de\/wp-json\/wp\/v2\/pages"}],"about":[{"href":"https:\/\/apartmani-laura.hr\/de\/wp-json\/wp\/v2\/types\/page"}],"author":[{"embeddable":true,"href":"https:\/\/apartmani-laura.hr\/de\/wp-json\/wp\/v2\/users\/1"}],"replies":[{"embeddable":true,"href":"https:\/\/apartmani-laura.hr\/de\/wp-json\/wp\/v2\/comments?post=1072"}],"version-history":[{"count":1,"href":"https:\/\/apartmani-laura.hr\/de\/wp-json\/wp\/v2\/pages\/1072\/revisions"}],"predecessor-version":[{"id":1073,"href":"https:\/\/apartmani-laura.hr\/de\/wp-json\/wp\/v2\/pages\/1072\/revisions\/1073"}],"up":[{"embeddable":true,"href":"https:\/\/apartmani-laura.hr\/de\/wp-json\/wp\/v2\/pages\/1065"}],"wp:featuredmedia":[{"embeddable":true,"href":"https:\/\/apartmani-laura.hr\/de\/wp-json\/wp\/v2\/media\/947"}],"wp:attachment":[{"href":"https:\/\/apartmani-laura.hr\/de\/wp-json\/wp\/v2\/media?parent=1072"}],"curies":[{"name":"wp","href":"https:\/\/api.w.org\/{rel}","templated":true}]}}