{"id":1065,"date":"2021-03-10T09:02:45","date_gmt":"2021-03-10T08:02:45","guid":{"rendered":"http:\/\/apartmani-laura.hr\/?page_id=1065"},"modified":"2021-03-11T16:23:39","modified_gmt":"2021-03-11T15:23:39","slug":"die-insel-losinj","status":"publish","type":"page","link":"https:\/\/apartmani-laura.hr\/de\/die-insel-losinj\/","title":{"rendered":"Die Insel Lo\u0161inj"},"content":{"rendered":"<div align=\"left\">\n<p align=\"justify\">Die Insel Lo\u0161inj ist Teil der Inselgruppe von Cres und Lo\u0161inj und bildet die westliche Reihe der Kvarnerinseln innerhalb der Kvarnerbucht, die zusammen mit der Bucht von Triest den Teil des Mittelmeers bildet, der am tiefsten ins europ\u00e4ische Festland dringt.\u00a0Die Inselgruppe von Cres befindet sich in der Kvarner Bucht. Sie besteht aus 36 Inseln und Felsen, und ist betrachtet als die gr\u00f6sste Inselgruppe in der Adria. Die Inseln dieser Gruppe bilden durch ihre mittlere Lage eine nat\u00fcrlichen Br\u00fccke zwischen Istrien und Dalmatien.<\/p>\n<\/div>\n<p align=\"justify\">Die gr\u00f6\u00dfte Insel der Inselgruppe ist die Insel Lo\u0161inj, die elftgr\u00f6\u00dfte Insel der Adria.\u00a0In ferner Vergangenheit bildeten Cres und Lo\u0161inj eine Insel mit nur einem k\u00fcnstlich gegrabenen Kanal bei Osor.<\/p>\n<p><img decoding=\"async\" class=\"alignnone wp-image-812 size-full\" src=\"http:\/\/apartmani-laura.hr\/wp-content\/uploads\/2021\/03\/Dad-Kampanja.jpg\" alt=\"\" width=\"1360\" height=\"1020\" srcset=\"https:\/\/apartmani-laura.hr\/wp-content\/uploads\/2021\/03\/Dad-Kampanja.jpg 1360w, https:\/\/apartmani-laura.hr\/wp-content\/uploads\/2021\/03\/Dad-Kampanja-300x225.jpg 300w, https:\/\/apartmani-laura.hr\/wp-content\/uploads\/2021\/03\/Dad-Kampanja-1024x768.jpg 1024w, https:\/\/apartmani-laura.hr\/wp-content\/uploads\/2021\/03\/Dad-Kampanja-768x576.jpg 768w\" sizes=\"(max-width: 1360px) 100vw, 1360px\" \/><\/p>\n<p align=\"justify\"><strong>Mali Losinj<\/strong>\u00a0ist der gr\u00f6\u00dfte bewohnte Ort der Insel, an der S\u00fcdseite der Bucht von Losinj gelegen und entwickelte sich Dank dieser Lage zum Seefahrts- , Handels- und heute auch Tourismuszentrum.<br \/>\nMali Losinj liegt in der gr\u00f6\u00dften gesch\u00fctzten Bucht dieses Archipels, der Augustus-Bucht. Heute ist Mali Losinj mit seinen 6500 Einwohnern die gr\u00f6\u00dfte Inselstadt an der Adria. Der Beginn von Mali Losinj reicht zur\u00fcck in das 12. Jh. als auf die Insel Losinj zw\u00f6lf kroatische Familien kamen und sich in der Ostbucht St. Martin niederlie\u00dfen.<br \/>\nDie goldenen Jahre von Mali Losinj waren Ende des 19. Jh. als Dank des Meeres und der Seefahrt das \u00abKleine Dorf\u00bb zum Seefahrtsst\u00e4dtchen wurde. Wegen den gro\u00dfen Ver\u00e4nderungen und Krisen in der Schifffahrt auf diesem Gebiet, dem \u00dcbergang von Segel- zu Dampfschiffen, schien die Zukunft dieser und \u00e4hnlicher Orte besiegelt zu sein<\/p>\n<p align=\"justify\">Heute ist Mali Losinj eines der Haupttourismuszentren an der Adria, das in allen europ\u00e4ischen Tourismuskreisen bekannt ist, wovon zahlreiche treue G\u00e4ste zeugen, die es jedes Jahr von Neuem besuchen.<\/p>\n","protected":false},"excerpt":{"rendered":"<p>Die Insel Lo\u0161inj ist Teil der Inselgruppe von Cres und Lo\u0161inj und bildet die westliche Reihe der Kvarnerinseln innerhalb der Kvarnerbucht, die zusammen mit der Bucht von Triest den Teil &#8230;<\/p>\n","protected":false},"author":1,"featured_media":817,"parent":0,"menu_order":5,"comment_status":"closed","ping_status":"closed","template":"","meta":{"_acf_changed":false,"inline_featured_image":false,"_monsterinsights_skip_tracking":false,"_monsterinsights_sitenote_active":false,"_monsterinsights_sitenote_note":"","_monsterinsights_sitenote_category":0,"footnotes":""},"class_list":["post-1065","page","type-page","status-publish","has-post-thumbnail","hentry"],"acf":[],"yoast_head":"<!-- This site is optimized with the Yoast SEO plugin v25.0 - https:\/\/yoast.com\/wordpress\/plugins\/seo\/ -->\n<title>Die Insel Lo\u0161inj - Luksuzni privatni smje\u0161taj<\/title>\n<meta name=\"robots\" content=\"index, follow, max-snippet:-1, max-image-preview:large, max-video-preview:-1\" \/>\n<link rel=\"canonical\" href=\"https:\/\/apartmani-laura.hr\/de\/die-insel-losinj\/\" \/>\n<meta property=\"og:locale\" content=\"de_DE\" \/>\n<meta property=\"og:type\" content=\"article\" \/>\n<meta property=\"og:title\" content=\"Die Insel Lo\u0161inj - Luksuzni privatni smje\u0161taj\" \/>\n<meta property=\"og:description\" content=\"Die Insel Lo\u0161inj ist Teil der Inselgruppe von Cres und Lo\u0161inj und bildet die westliche Reihe der Kvarnerinseln innerhalb der Kvarnerbucht, die zusammen mit der Bucht von Triest den Teil ...\" \/>\n<meta property=\"og:url\" content=\"https:\/\/apartmani-laura.hr\/de\/die-insel-losinj\/\" \/>\n<meta property=\"og:site_name\" content=\"Luksuzni privatni smje\u0161taj\" \/>\n<meta property=\"article:modified_time\" content=\"2021-03-11T15:23:39+00:00\" \/>\n<meta property=\"og:image\" content=\"https:\/\/apartmani-laura.hr\/wp-content\/uploads\/2021\/03\/Artatore.jpg\" \/>\n\t<meta property=\"og:image:width\" content=\"1360\" \/>\n\t<meta property=\"og:image:height\" content=\"1043\" \/>\n\t<meta property=\"og:image:type\" content=\"image\/jpeg\" \/>\n<meta name=\"twitter:card\" content=\"summary_large_image\" \/>\n<meta name=\"twitter:label1\" content=\"Gesch\u00e4tzte Lesezeit\" \/>\n\t<meta name=\"twitter:data1\" content=\"1\u00a0Minute\" \/>\n<script type=\"application\/ld+json\" class=\"yoast-schema-graph\">{\"@context\":\"https:\/\/schema.org\",\"@graph\":[{\"@type\":\"WebPage\",\"@id\":\"https:\/\/apartmani-laura.hr\/de\/die-insel-losinj\/\",\"url\":\"https:\/\/apartmani-laura.hr\/de\/die-insel-losinj\/\",\"name\":\"Die Insel Lo\u0161inj - Luksuzni privatni smje\u0161taj\",\"isPartOf\":{\"@id\":\"https:\/\/apartmani-laura.hr\/#website\"},\"primaryImageOfPage\":{\"@id\":\"https:\/\/apartmani-laura.hr\/de\/die-insel-losinj\/#primaryimage\"},\"image\":{\"@id\":\"https:\/\/apartmani-laura.hr\/de\/die-insel-losinj\/#primaryimage\"},\"thumbnailUrl\":\"https:\/\/apartmani-laura.hr\/wp-content\/uploads\/2021\/03\/Artatore.jpg\",\"datePublished\":\"2021-03-10T08:02:45+00:00\",\"dateModified\":\"2021-03-11T15:23:39+00:00\",\"breadcrumb\":{\"@id\":\"https:\/\/apartmani-laura.hr\/de\/die-insel-losinj\/#breadcrumb\"},\"inLanguage\":\"de\",\"potentialAction\":[{\"@type\":\"ReadAction\",\"target\":[\"https:\/\/apartmani-laura.hr\/de\/die-insel-losinj\/\"]}]},{\"@type\":\"ImageObject\",\"inLanguage\":\"de\",\"@id\":\"https:\/\/apartmani-laura.hr\/de\/die-insel-losinj\/#primaryimage\",\"url\":\"https:\/\/apartmani-laura.hr\/wp-content\/uploads\/2021\/03\/Artatore.jpg\",\"contentUrl\":\"https:\/\/apartmani-laura.hr\/wp-content\/uploads\/2021\/03\/Artatore.jpg\",\"width\":1360,\"height\":1043},{\"@type\":\"BreadcrumbList\",\"@id\":\"https:\/\/apartmani-laura.hr\/de\/die-insel-losinj\/#breadcrumb\",\"itemListElement\":[{\"@type\":\"ListItem\",\"position\":1,\"name\":\"Po\u010detna stranica\",\"item\":\"https:\/\/apartmani-laura.hr\/de\/\"},{\"@type\":\"ListItem\",\"position\":2,\"name\":\"Die Insel Lo\u0161inj\"}]},{\"@type\":\"WebSite\",\"@id\":\"https:\/\/apartmani-laura.hr\/#website\",\"url\":\"https:\/\/apartmani-laura.hr\/\",\"name\":\"Luksuzni privatni smje\u0161taj\",\"description\":\"Privatni smje\u0161taj u Malom Lo\u0161inju\",\"publisher\":{\"@id\":\"https:\/\/apartmani-laura.hr\/#organization\"},\"potentialAction\":[{\"@type\":\"SearchAction\",\"target\":{\"@type\":\"EntryPoint\",\"urlTemplate\":\"https:\/\/apartmani-laura.hr\/?s={search_term_string}\"},\"query-input\":{\"@type\":\"PropertyValueSpecification\",\"valueRequired\":true,\"valueName\":\"search_term_string\"}}],\"inLanguage\":\"de\"},{\"@type\":\"Organization\",\"@id\":\"https:\/\/apartmani-laura.hr\/#organization\",\"name\":\"Luksuzni privatni smje\u0161taj\",\"url\":\"https:\/\/apartmani-laura.hr\/\",\"logo\":{\"@type\":\"ImageObject\",\"inLanguage\":\"de\",\"@id\":\"https:\/\/apartmani-laura.hr\/#\/schema\/logo\/image\/\",\"url\":\"https:\/\/apartmani-laura.hr\/wp-content\/uploads\/2021\/02\/logo2.png\",\"contentUrl\":\"https:\/\/apartmani-laura.hr\/wp-content\/uploads\/2021\/02\/logo2.png\",\"width\":300,\"height\":132,\"caption\":\"Luksuzni privatni smje\u0161taj\"},\"image\":{\"@id\":\"https:\/\/apartmani-laura.hr\/#\/schema\/logo\/image\/\"}}]}<\/script>\n<!-- \/ Yoast SEO plugin. -->","yoast_head_json":{"title":"Die Insel Lo\u0161inj - Luksuzni privatni smje\u0161taj","robots":{"index":"index","follow":"follow","max-snippet":"max-snippet:-1","max-image-preview":"max-image-preview:large","max-video-preview":"max-video-preview:-1"},"canonical":"https:\/\/apartmani-laura.hr\/de\/die-insel-losinj\/","og_locale":"de_DE","og_type":"article","og_title":"Die Insel Lo\u0161inj - Luksuzni privatni smje\u0161taj","og_description":"Die Insel Lo\u0161inj ist Teil der Inselgruppe von Cres und Lo\u0161inj und bildet die westliche Reihe der Kvarnerinseln innerhalb der Kvarnerbucht, die zusammen mit der Bucht von Triest den Teil ...","og_url":"https:\/\/apartmani-laura.hr\/de\/die-insel-losinj\/","og_site_name":"Luksuzni privatni smje\u0161taj","article_modified_time":"2021-03-11T15:23:39+00:00","og_image":[{"width":1360,"height":1043,"url":"https:\/\/apartmani-laura.hr\/wp-content\/uploads\/2021\/03\/Artatore.jpg","type":"image\/jpeg"}],"twitter_card":"summary_large_image","twitter_misc":{"Gesch\u00e4tzte Lesezeit":"1\u00a0Minute"},"schema":{"@context":"https:\/\/schema.org","@graph":[{"@type":"WebPage","@id":"https:\/\/apartmani-laura.hr\/de\/die-insel-losinj\/","url":"https:\/\/apartmani-laura.hr\/de\/die-insel-losinj\/","name":"Die Insel Lo\u0161inj - Luksuzni privatni smje\u0161taj","isPartOf":{"@id":"https:\/\/apartmani-laura.hr\/#website"},"primaryImageOfPage":{"@id":"https:\/\/apartmani-laura.hr\/de\/die-insel-losinj\/#primaryimage"},"image":{"@id":"https:\/\/apartmani-laura.hr\/de\/die-insel-losinj\/#primaryimage"},"thumbnailUrl":"https:\/\/apartmani-laura.hr\/wp-content\/uploads\/2021\/03\/Artatore.jpg","datePublished":"2021-03-10T08:02:45+00:00","dateModified":"2021-03-11T15:23:39+00:00","breadcrumb":{"@id":"https:\/\/apartmani-laura.hr\/de\/die-insel-losinj\/#breadcrumb"},"inLanguage":"de","potentialAction":[{"@type":"ReadAction","target":["https:\/\/apartmani-laura.hr\/de\/die-insel-losinj\/"]}]},{"@type":"ImageObject","inLanguage":"de","@id":"https:\/\/apartmani-laura.hr\/de\/die-insel-losinj\/#primaryimage","url":"https:\/\/apartmani-laura.hr\/wp-content\/uploads\/2021\/03\/Artatore.jpg","contentUrl":"https:\/\/apartmani-laura.hr\/wp-content\/uploads\/2021\/03\/Artatore.jpg","width":1360,"height":1043},{"@type":"BreadcrumbList","@id":"https:\/\/apartmani-laura.hr\/de\/die-insel-losinj\/#breadcrumb","itemListElement":[{"@type":"ListItem","position":1,"name":"Po\u010detna stranica","item":"https:\/\/apartmani-laura.hr\/de\/"},{"@type":"ListItem","position":2,"name":"Die Insel Lo\u0161inj"}]},{"@type":"WebSite","@id":"https:\/\/apartmani-laura.hr\/#website","url":"https:\/\/apartmani-laura.hr\/","name":"Luksuzni privatni smje\u0161taj","description":"Privatni smje\u0161taj u Malom Lo\u0161inju","publisher":{"@id":"https:\/\/apartmani-laura.hr\/#organization"},"potentialAction":[{"@type":"SearchAction","target":{"@type":"EntryPoint","urlTemplate":"https:\/\/apartmani-laura.hr\/?s={search_term_string}"},"query-input":{"@type":"PropertyValueSpecification","valueRequired":true,"valueName":"search_term_string"}}],"inLanguage":"de"},{"@type":"Organization","@id":"https:\/\/apartmani-laura.hr\/#organization","name":"Luksuzni privatni smje\u0161taj","url":"https:\/\/apartmani-laura.hr\/","logo":{"@type":"ImageObject","inLanguage":"de","@id":"https:\/\/apartmani-laura.hr\/#\/schema\/logo\/image\/","url":"https:\/\/apartmani-laura.hr\/wp-content\/uploads\/2021\/02\/logo2.png","contentUrl":"https:\/\/apartmani-laura.hr\/wp-content\/uploads\/2021\/02\/logo2.png","width":300,"height":132,"caption":"Luksuzni privatni smje\u0161taj"},"image":{"@id":"https:\/\/apartmani-laura.hr\/#\/schema\/logo\/image\/"}}]}},"_links":{"self":[{"href":"https:\/\/apartmani-laura.hr\/de\/wp-json\/wp\/v2\/pages\/1065","targetHints":{"allow":["GET"]}}],"collection":[{"href":"https:\/\/apartmani-laura.hr\/de\/wp-json\/wp\/v2\/pages"}],"about":[{"href":"https:\/\/apartmani-laura.hr\/de\/wp-json\/wp\/v2\/types\/page"}],"author":[{"embeddable":true,"href":"https:\/\/apartmani-laura.hr\/de\/wp-json\/wp\/v2\/users\/1"}],"replies":[{"embeddable":true,"href":"https:\/\/apartmani-laura.hr\/de\/wp-json\/wp\/v2\/comments?post=1065"}],"version-history":[{"count":1,"href":"https:\/\/apartmani-laura.hr\/de\/wp-json\/wp\/v2\/pages\/1065\/revisions"}],"predecessor-version":[{"id":1066,"href":"https:\/\/apartmani-laura.hr\/de\/wp-json\/wp\/v2\/pages\/1065\/revisions\/1066"}],"wp:featuredmedia":[{"embeddable":true,"href":"https:\/\/apartmani-laura.hr\/de\/wp-json\/wp\/v2\/media\/817"}],"wp:attachment":[{"href":"https:\/\/apartmani-laura.hr\/de\/wp-json\/wp\/v2\/media?parent=1065"}],"curies":[{"name":"wp","href":"https:\/\/api.w.org\/{rel}","templated":true}]}}